{"id":33,"date":"2021-11-26T16:16:01","date_gmt":"2021-11-26T15:16:01","guid":{"rendered":"http:\/\/www.comdici.fr\/?page_id=33"},"modified":"2025-01-27T15:47:16","modified_gmt":"2025-01-27T14:47:16","slug":"ils-me-font-confiance","status":"publish","type":"page","link":"https:\/\/www.comdici.fr\/index.php\/ils-me-font-confiance\/","title":{"rendered":"Ils me font confiance"},"content":{"rendered":"<p>[et_pb_section fb_built=\u00a0\u00bb1&Prime; _builder_version=\u00a0\u00bb4.25.0&Prime; _module_preset=\u00a0\u00bbdefault\u00a0\u00bb custom_padding=\u00a0\u00bb0px|||||\u00a0\u00bb hover_enabled=\u00a0\u00bb0&Prime; global_colors_info=\u00a0\u00bb{}\u00a0\u00bb sticky_enabled=\u00a0\u00bb0&Prime;][et_pb_row _builder_version=\u00a0\u00bb4.16&Prime; _module_preset=\u00a0\u00bbdefault\u00a0\u00bb custom_padding=\u00a0\u00bb0px|||||\u00a0\u00bb global_colors_info=\u00a0\u00bb{}\u00a0\u00bb][et_pb_column type=\u00a0\u00bb4_4&Prime; _builder_version=\u00a0\u00bb4.16&Prime; _module_preset=\u00a0\u00bbdefault\u00a0\u00bb global_colors_info=\u00a0\u00bb{}\u00a0\u00bb][et_pb_text _builder_version=\u00a0\u00bb4.16&Prime; _module_preset=\u00a0\u00bbdefault\u00a0\u00bb global_colors_info=\u00a0\u00bb{}\u00a0\u00bb]<\/p>\n<h1 style=\"text-align: center;\">Ils me font confiance<\/h1>\n<p>[\/et_pb_text][\/et_pb_column][\/et_pb_row][et_pb_row column_structure=\u00a0\u00bb1_3,1_3,1_3&Prime; _builder_version=\u00a0\u00bb4.25.0&Prime; _module_preset=\u00a0\u00bbdefault\u00a0\u00bb hover_enabled=\u00a0\u00bb0&Prime; global_colors_info=\u00a0\u00bb{}\u00a0\u00bb sticky_enabled=\u00a0\u00bb0&Prime;][et_pb_column type=\u00a0\u00bb1_3&Prime; _builder_version=\u00a0\u00bb4.16&Prime; _module_preset=\u00a0\u00bbdefault\u00a0\u00bb global_colors_info=\u00a0\u00bb{}\u00a0\u00bb][et_pb_testimonial author=\u00a0\u00bbJean-Charles Lafiteau\u00a0\u00bb company_name=\u00a0\u00bbLafitau &#8211; Brignoles\u00a0\u00bb portrait_url=\u00a0\u00bbhttp:\/\/www.comdici.fr\/wp-content\/uploads\/2022\/01\/Lafitau.png\u00a0\u00bb quote_icon_color=\u00a0\u00bb#FEF9F2&Prime; quote_icon_background_color=\u00a0\u00bb#E69F73&Prime; _builder_version=\u00a0\u00bb4.25.0&Prime; _module_preset=\u00a0\u00bbdefault\u00a0\u00bb body_font_size=\u00a0\u00bb18px\u00a0\u00bb author_text_color=\u00a0\u00bb#E69F73&Prime; position_text_color=\u00a0\u00bb#E69F73&Prime; company_text_color=\u00a0\u00bb#E69F73&Prime; background_color=\u00a0\u00bb#ffffff\u00a0\u00bb text_orientation=\u00a0\u00bbcenter\u00a0\u00bb hover_enabled=\u00a0\u00bb0&Prime; border_width_all=\u00a0\u00bb1px\u00a0\u00bb border_color_all=\u00a0\u00bb#E69F73&Prime; border_color_all_portrait=\u00a0\u00bbRGBA(255,255,255,0)\u00a0\u00bb global_colors_info=\u00a0\u00bb{}\u00a0\u00bb sticky_enabled=\u00a0\u00bb0&Prime;]<\/p>\n<p><span style=\"font-family: Arial, sans-serif;\">Un travail dynamique et s\u00e9rieux.<\/span><\/p>\n<p><span style=\"font-family: Arial, sans-serif;\">Am\u00e9lie nous accompagne et g\u00e8re nos r\u00e9seaux avec bienveillance et disponibilit\u00e9 tout au long de l\u2019ann\u00e9e et ce depuis fin 2017.<\/span><\/p>\n<p>[\/et_pb_testimonial][et_pb_testimonial author=\u00a0\u00bbEdouard\u00a0\u00bb company_name=\u00a0\u00bbEdo-San Sushi\u00a0\u00bb portrait_url=\u00a0\u00bbhttps:\/\/www.comdici.fr\/wp-content\/uploads\/2022\/01\/Logo-Edo-San-Sushi-1.png\u00a0\u00bb quote_icon_color=\u00a0\u00bb#FEF9F2&Prime; quote_icon_background_color=\u00a0\u00bb#E69F73&Prime; _builder_version=\u00a0\u00bb4.25.0&Prime; _module_preset=\u00a0\u00bbdefault\u00a0\u00bb body_font_size=\u00a0\u00bb18px\u00a0\u00bb author_text_color=\u00a0\u00bb#E69F73&Prime; position_text_color=\u00a0\u00bb#E69F73&Prime; company_text_color=\u00a0\u00bb#E69F73&Prime; background_color=\u00a0\u00bb#ffffff\u00a0\u00bb text_orientation=\u00a0\u00bbcenter\u00a0\u00bb hover_enabled=\u00a0\u00bb0&Prime; border_width_all=\u00a0\u00bb1px\u00a0\u00bb border_color_all=\u00a0\u00bb#E69F73&Prime; border_color_all_portrait=\u00a0\u00bbRGBA(255,255,255,0)\u00a0\u00bb global_colors_info=\u00a0\u00bb{}\u00a0\u00bb sticky_enabled=\u00a0\u00bb0&Prime;]<\/p>\n<p><span style=\"font-family: Arial, sans-serif;\">Tr\u00e8s professionnelle et cr\u00e9ative, \u00e0 l&rsquo;\u00e9coute du besoin. A su s&rsquo;adapter pour mettre en valeur nos produits sur les r\u00e9seaux sociaux. Big fan des reels.<\/span><\/p>\n<p>[\/et_pb_testimonial][et_pb_testimonial author=\u00a0\u00bbAlb\u00e9ric et Marie-Caroline\u00a0\u00bb company_name=\u00a0\u00bbCh\u00e2teau Carpe Diem &#8211; Vignoble en Biodynamie\u00a0\u00bb portrait_url=\u00a0\u00bbhttp:\/\/www.comdici.fr\/wp-content\/uploads\/2022\/01\/logo-carpe-diem.png\u00a0\u00bb quote_icon_color=\u00a0\u00bb#FEF9F2&Prime; quote_icon_background_color=\u00a0\u00bb#E69F73&Prime; _builder_version=\u00a0\u00bb4.16&Prime; _module_preset=\u00a0\u00bbdefault\u00a0\u00bb body_font_size=\u00a0\u00bb18px\u00a0\u00bb author_text_color=\u00a0\u00bb#E69F73&Prime; position_text_color=\u00a0\u00bb#E69F73&Prime; company_text_color=\u00a0\u00bb#E69F73&Prime; background_color=\u00a0\u00bb#ffffff\u00a0\u00bb text_orientation=\u00a0\u00bbcenter\u00a0\u00bb border_width_all=\u00a0\u00bb1px\u00a0\u00bb border_color_all=\u00a0\u00bb#E69F73&Prime; border_color_all_portrait=\u00a0\u00bbRGBA(255,255,255,0)\u00a0\u00bb global_colors_info=\u00a0\u00bb{}\u00a0\u00bb]<\/p>\n<div>Am\u00e9lie est disponible, \u00e0 l\u2019\u00e9coute et r\u00e9active. Elle s\u2019int\u00e9resse de pr\u00e8s \u00e0 notre activit\u00e9 et vient s\u2019en impr\u00e9gner sur le terrain pour mieux comprendre notre travail et nos produits.<\/div>\n<div><\/div>\n<div>Elle r\u00e9alise ainsi une communication sur les r\u00e9seaux sociaux authentique et naturelle tr\u00e8s appr\u00e9ci\u00e9e de nos clients et suiveurs.<\/div>\n<p>[\/et_pb_testimonial][\/et_pb_column][et_pb_column _builder_version=\u00a0\u00bb4.25.0&Prime; _module_preset=\u00a0\u00bbdefault\u00a0\u00bb type=\u00a0\u00bb1_3&Prime;][et_pb_testimonial portrait_url=\u00a0\u00bbhttps:\/\/www.comdici.fr\/wp-content\/uploads\/2025\/01\/logo-sainte-victoire-cotes-de-provence.png\u00a0\u00bb quote_icon_color=\u00a0\u00bb#FEF9F2&Prime; quote_icon_background_color=\u00a0\u00bb#E69F73&Prime; _builder_version=\u00a0\u00bb4.25.0&Prime; _module_preset=\u00a0\u00bbdefault\u00a0\u00bb body_font_size=\u00a0\u00bb18px\u00a0\u00bb author_text_color=\u00a0\u00bb#E69F73&Prime; position_text_color=\u00a0\u00bb#E69F73&Prime; company_text_color=\u00a0\u00bb#E69F73&Prime; background_color=\u00a0\u00bb#ffffff\u00a0\u00bb text_orientation=\u00a0\u00bbcenter\u00a0\u00bb hover_enabled=\u00a0\u00bb0&Prime; border_width_all=\u00a0\u00bb1px\u00a0\u00bb border_color_all=\u00a0\u00bb#E69F73&Prime; border_color_all_portrait=\u00a0\u00bbRGBA(255,255,255,0)\u00a0\u00bb global_colors_info=\u00a0\u00bb{}\u00a0\u00bb alt=\u00a0\u00bbLa DGC Cotes de Provence Sainte-Victoire me fait confiance\u00a0\u00bb title_text=\u00a0\u00bblogo sainte victoire cotes de provence\u00a0\u00bb quote_icon=\u00a0\u00bboff\u00a0\u00bb sticky_enabled=\u00a0\u00bb0&Prime;][\/et_pb_testimonial][et_pb_testimonial author=\u00a0\u00bbMaxime\u00a0\u00bb company_name=\u00a0\u00bbPoissonnerie Maison Thellier &#8211; Isle-sur-la-Sorgue\u00a0\u00bb portrait_url=\u00a0\u00bbhttp:\/\/www.comdici.fr\/wp-content\/uploads\/2022\/01\/logo-maison-thellier.pdf.png\u00a0\u00bb quote_icon_color=\u00a0\u00bb#FEF9F2&Prime; quote_icon_background_color=\u00a0\u00bb#E69F73&Prime; _builder_version=\u00a0\u00bb4.25.0&Prime; _module_preset=\u00a0\u00bbdefault\u00a0\u00bb body_font_size=\u00a0\u00bb18px\u00a0\u00bb author_text_color=\u00a0\u00bb#E69F73&Prime; position_text_color=\u00a0\u00bb#E69F73&Prime; company_text_color=\u00a0\u00bb#E69F73&Prime; background_color=\u00a0\u00bb#ffffff\u00a0\u00bb text_orientation=\u00a0\u00bbcenter\u00a0\u00bb hover_enabled=\u00a0\u00bb0&Prime; border_width_all=\u00a0\u00bb1px\u00a0\u00bb border_color_all=\u00a0\u00bb#E69F73&Prime; border_color_all_portrait=\u00a0\u00bbRGBA(255,255,255,0)\u00a0\u00bb global_colors_info=\u00a0\u00bb{}\u00a0\u00bb sticky_enabled=\u00a0\u00bb0&Prime;]<\/p>\n<p><span style=\"font-family: Arial, sans-serif;\">J&rsquo;ai confi\u00e9 la gestion de ma page Facebook \u00e0 Am\u00e9lie car c&rsquo;est un m\u00e9tier \u00e0 part enti\u00e8re. <\/span><\/p>\n<p><span style=\"font-family: Arial, sans-serif;\">Gr\u00e2ce a elle, ma communication est r\u00e9guli\u00e8re et efficace. Elle est \u00e0 l&rsquo;\u00e9coute et disponible. En d\u00e9coule une mise en avant de mon travail, de mes produits et de mes offres vraiment qualitative ! <\/span><\/p>\n<p><span style=\"font-family: Arial, sans-serif;\">De mon c\u00f4t\u00e9, je peux me concentrer totalement sur mon activit\u00e9.<\/span><\/p>\n<p>[\/et_pb_testimonial][et_pb_testimonial company_name=\u00a0\u00bbCh\u00e2teau Gasqui\u00a0\u00bb portrait_url=\u00a0\u00bbhttps:\/\/www.comdici.fr\/wp-content\/uploads\/2025\/01\/chateau-gasqui-logo.jpg\u00a0\u00bb quote_icon_color=\u00a0\u00bb#FEF9F2&Prime; quote_icon_background_color=\u00a0\u00bb#E69F73&Prime; _builder_version=\u00a0\u00bb4.25.0&Prime; _module_preset=\u00a0\u00bbdefault\u00a0\u00bb body_font_size=\u00a0\u00bb18px\u00a0\u00bb author_text_color=\u00a0\u00bb#E69F73&Prime; position_text_color=\u00a0\u00bb#E69F73&Prime; company_text_color=\u00a0\u00bb#E69F73&Prime; background_color=\u00a0\u00bb#ffffff\u00a0\u00bb text_orientation=\u00a0\u00bbcenter\u00a0\u00bb hover_enabled=\u00a0\u00bb0&Prime; border_width_all=\u00a0\u00bb1px\u00a0\u00bb border_color_all=\u00a0\u00bb#E69F73&Prime; border_color_all_portrait=\u00a0\u00bbRGBA(255,255,255,0)\u00a0\u00bb global_colors_info=\u00a0\u00bb{}\u00a0\u00bb alt=\u00a0\u00bblogo Ch\u00e2teau Gasqui\u00a0\u00bb title_text=\u00a0\u00bbchateau gasqui logo\u00a0\u00bb sticky_enabled=\u00a0\u00bb0&Prime; quote_icon=\u00a0\u00bboff\u00a0\u00bb][\/et_pb_testimonial][\/et_pb_column][et_pb_column _builder_version=\u00a0\u00bb4.25.0&Prime; _module_preset=\u00a0\u00bbdefault\u00a0\u00bb type=\u00a0\u00bb1_3&Prime;][et_pb_testimonial author=\u00a0\u00bbResponsable Maison des Vins\u00a0\u00bb company_name=\u00a0\u00bbCoteaux Varois en Provence &#8211; La Celle\u00a0\u00bb portrait_url=\u00a0\u00bbhttps:\/\/www.comdici.fr\/wp-content\/uploads\/2025\/01\/logo-coteaux-varois-en-provence.png\u00a0\u00bb quote_icon_color=\u00a0\u00bb#FEF9F2&Prime; quote_icon_background_color=\u00a0\u00bb#E69F73&Prime; _builder_version=\u00a0\u00bb4.25.0&Prime; _module_preset=\u00a0\u00bbdefault\u00a0\u00bb body_font_size=\u00a0\u00bb18px\u00a0\u00bb author_text_color=\u00a0\u00bb#E69F73&Prime; position_text_color=\u00a0\u00bb#E69F73&Prime; company_text_color=\u00a0\u00bb#E69F73&Prime; background_color=\u00a0\u00bb#ffffff\u00a0\u00bb text_orientation=\u00a0\u00bbcenter\u00a0\u00bb hover_enabled=\u00a0\u00bb0&Prime; border_width_all=\u00a0\u00bb1px\u00a0\u00bb border_color_all=\u00a0\u00bb#E69F73&Prime; border_color_all_portrait=\u00a0\u00bbRGBA(255,255,255,0)\u00a0\u00bb global_colors_info=\u00a0\u00bb{}\u00a0\u00bb sticky_enabled=\u00a0\u00bb0&Prime; alt=\u00a0\u00bbAvis client Appellation Coteaux Varois en Provence\u00a0\u00bb title_text=\u00a0\u00bblogo coteaux varois en provence\u00a0\u00bb]<\/p>\n<p style=\"font-weight: 400;\">Tu as toujours sur t\u2019adapter en fonction de nos demandes, tu as \u00e9t\u00e9 force de proposition notamment sur les sujets des posts et shooting et ta r\u00e9activit\u00e9 est irr\u00e9prochable.<\/p>\n<p style=\"font-weight: 400;\">La qualit\u00e9 de notre communication \u00e9tait au rendez-vous et les formations que l\u2019on a pu faire ensemble ont \u00e9t\u00e9 tr\u00e8s enrichissantes.<\/p>\n<p>[\/et_pb_testimonial][et_pb_testimonial author=\u00a0\u00bbUne Campagne en Provence\u00a0\u00bb company_name=\u00a0\u00bbService Accompagnements Personnalis\u00e9s (G\u00eetes et chambres d&rsquo;h\u00f4tes) &#8211; Bras\u00a0\u00bb portrait_url=\u00a0\u00bbhttp:\/\/www.comdici.fr\/wp-content\/uploads\/2022\/01\/image.png\u00a0\u00bb quote_icon_color=\u00a0\u00bb#FEF9F2&Prime; quote_icon_background_color=\u00a0\u00bb#E69F73&Prime; _builder_version=\u00a0\u00bb4.25.0&Prime; _module_preset=\u00a0\u00bbdefault\u00a0\u00bb body_text_color=\u00a0\u00bb#4CADA6&Prime; body_font_size=\u00a0\u00bb18px\u00a0\u00bb author_text_color=\u00a0\u00bb#E69F73&Prime; position_text_color=\u00a0\u00bb#E69F73&Prime; company_text_color=\u00a0\u00bb#E69F73&Prime; background_color=\u00a0\u00bb#ffffff\u00a0\u00bb text_orientation=\u00a0\u00bbcenter\u00a0\u00bb hover_enabled=\u00a0\u00bb0&Prime; border_width_all=\u00a0\u00bb1px\u00a0\u00bb border_color_all=\u00a0\u00bb#E69F73&Prime; border_color_all_portrait=\u00a0\u00bbRGBA(255,255,255,0)\u00a0\u00bb global_colors_info=\u00a0\u00bb{}\u00a0\u00bb sticky_enabled=\u00a0\u00bb0&Prime;]<\/p>\n<p><span style=\"font-family: Arial, sans-serif;\"><span><span style=\"color: #222222;\"><span style=\"font-size: medium;\">Nous avons trouv\u00e9 aupr\u00e8s d&rsquo;Am\u00e9lie un conseil pointu pour relancer notre communication sur Facebook et Instagram.\u00a0<\/span><\/span><\/span><\/span><\/p>\n<p><span style=\"font-family: Arial, sans-serif;\"><span><span style=\"color: #222222;\"><span style=\"font-size: medium;\">Non seulement pour une r\u00e9flexion strat\u00e9gique\u00a0mais aussi pour la mise en \u0153uvre des meilleures fonctionnalit\u00e9s disponibles.<\/span><\/span><\/span><\/span><\/p>\n<p>[\/et_pb_testimonial][\/et_pb_column][\/et_pb_row][\/et_pb_section]<\/p>\n","protected":false},"excerpt":{"rendered":"<p>Ils me font confianceUn travail dynamique et s\u00e9rieux. Am\u00e9lie nous accompagne et g\u00e8re nos r\u00e9seaux avec bienveillance et disponibilit\u00e9 tout au long de l\u2019ann\u00e9e et ce depuis fin 2017.Tr\u00e8s professionnelle et cr\u00e9ative, \u00e0 l&rsquo;\u00e9coute du besoin. A su s&rsquo;adapter pour mettre en valeur nos produits sur les r\u00e9seaux sociaux. Big fan des reels.Am\u00e9lie est disponible, [&hellip;]<\/p>\n","protected":false},"author":1,"featured_media":0,"parent":0,"menu_order":0,"comment_status":"closed","ping_status":"closed","template":"","meta":{"_seopress_robots_primary_cat":"","_seopress_titles_title":"","_seopress_titles_desc":"Ils m'ont confi\u00e9 la gestion de leurs r\u00e9seaux sociaux - retrouvez leurs avis sur mon travail de Community Manager","_seopress_robots_index":"","_et_pb_use_builder":"on","_et_pb_old_content":"","_et_gb_content_width":"","footnotes":""},"_links":{"self":[{"href":"https:\/\/www.comdici.fr\/index.php\/wp-json\/wp\/v2\/pages\/33"}],"collection":[{"href":"https:\/\/www.comdici.fr\/index.php\/wp-json\/wp\/v2\/pages"}],"about":[{"href":"https:\/\/www.comdici.fr\/index.php\/wp-json\/wp\/v2\/types\/page"}],"author":[{"embeddable":true,"href":"https:\/\/www.comdici.fr\/index.php\/wp-json\/wp\/v2\/users\/1"}],"replies":[{"embeddable":true,"href":"https:\/\/www.comdici.fr\/index.php\/wp-json\/wp\/v2\/comments?post=33"}],"version-history":[{"count":2,"href":"https:\/\/www.comdici.fr\/index.php\/wp-json\/wp\/v2\/pages\/33\/revisions"}],"predecessor-version":[{"id":309,"href":"https:\/\/www.comdici.fr\/index.php\/wp-json\/wp\/v2\/pages\/33\/revisions\/309"}],"wp:attachment":[{"href":"https:\/\/www.comdici.fr\/index.php\/wp-json\/wp\/v2\/media?parent=33"}],"curies":[{"name":"wp","href":"https:\/\/api.w.org\/{rel}","templated":true}]}}